{"id":13,"date":"2023-09-06T17:27:10","date_gmt":"2023-09-06T15:27:10","guid":{"rendered":"https:\/\/kooldesign.breezemedia.pl\/?page_id=13"},"modified":"2023-09-12T12:20:37","modified_gmt":"2023-09-12T10:20:37","slug":"o-mnie","status":"publish","type":"page","link":"https:\/\/kooldesign.breezemedia.pl\/?page_id=13","title":{"rendered":"O mnie"},"content":{"rendered":"\t\t<div data-elementor-type=\"wp-page\" data-elementor-id=\"13\" class=\"elementor elementor-13\" data-elementor-settings=\"{&quot;ha_cmc_init_switcher&quot;:&quot;no&quot;}\">\n\t\t\t\t\t\t<section class=\"elementor-section elementor-top-section elementor-element elementor-element-780c9ce elementor-section-content-middle elementor-section-full_width elementor-section-height-default elementor-section-height-default\" data-id=\"780c9ce\" data-element_type=\"section\" data-settings=\"{&quot;background_background&quot;:&quot;classic&quot;,&quot;_ha_eqh_enable&quot;:false}\">\n\t\t\t\t\t\t<div class=\"elementor-container elementor-column-gap-wide\">\n\t\t\t\t\t<div class=\"elementor-column elementor-col-50 elementor-top-column elementor-element elementor-element-b96a433\" data-id=\"b96a433\" data-element_type=\"column\">\n\t\t\t<div class=\"elementor-widget-wrap elementor-element-populated\">\n\t\t\t\t\t\t<div class=\"elementor-element elementor-element-cf4cd10 elementor-widget elementor-widget-heading\" data-id=\"cf4cd10\" data-element_type=\"widget\" data-widget_type=\"heading.default\">\n\t\t\t\t<div class=\"elementor-widget-container\">\n\t\t\t\t\t<h2 class=\"elementor-heading-title elementor-size-default\">O mnie<\/h2>\t\t\t\t<\/div>\n\t\t\t\t<\/div>\n\t\t\t\t<div class=\"elementor-element elementor-element-38a0c69 elementor-widget-divider--view-line elementor-widget elementor-widget-divider\" data-id=\"38a0c69\" data-element_type=\"widget\" data-widget_type=\"divider.default\">\n\t\t\t\t<div class=\"elementor-widget-container\">\n\t\t\t\t\t\t\t<div class=\"elementor-divider\">\n\t\t\t<span class=\"elementor-divider-separator\">\n\t\t\t\t\t\t<\/span>\n\t\t<\/div>\n\t\t\t\t\t\t<\/div>\n\t\t\t\t<\/div>\n\t\t\t\t<div class=\"elementor-element elementor-element-4b049f7 elementor-widget elementor-widget-text-editor\" data-id=\"4b049f7\" data-element_type=\"widget\" data-widget_type=\"text-editor.default\">\n\t\t\t\t<div class=\"elementor-widget-container\">\n\t\t\t\t\t\t\t\t\t<p>Jestem absolwentk\u0105 architektury wn\u0119trz na Politechnice Wroc\u0142awskiej. Projektowanie zawsze by\u0142o moj\u0105 pasj\u0105, jednak dopiero niedawno odwa\u017cy\u0142am si\u0119 zmieni\u0107 swoje \u017cycie i p\u00f3j\u015b\u0107 za g\u0142osem serca. Do ka\u017cdego projektu podchodz\u0119 indywidualnie, zapewniam kompleksow\u0105 obs\u0142ug\u0119 przez ca\u0142y czas trwania umowy. Zaufaj mojemu do\u015bwiadczeni i kreatywno\u015bci, a razem stworzymy Twoje idealne wn\u0119trze!<\/p>\t\t\t\t\t\t\t\t<\/div>\n\t\t\t\t<\/div>\n\t\t\t\t<div class=\"elementor-element elementor-element-5922265 elementor-align-center elementor-widget elementor-widget-button\" data-id=\"5922265\" data-element_type=\"widget\" data-widget_type=\"button.default\">\n\t\t\t\t<div class=\"elementor-widget-container\">\n\t\t\t\t\t\t\t\t\t<div class=\"elementor-button-wrapper\">\n\t\t\t\t\t<a class=\"elementor-button elementor-button-link elementor-size-md elementor-animation-grow\" href=\"https:\/\/kooldesign.breezemedia.pl\/kontakt\">\n\t\t\t\t\t\t<span class=\"elementor-button-content-wrapper\">\n\t\t\t\t\t\t\t\t\t<span class=\"elementor-button-text\">KONTAKT<\/span>\n\t\t\t\t\t<\/span>\n\t\t\t\t\t<\/a>\n\t\t\t\t<\/div>\n\t\t\t\t\t\t\t\t<\/div>\n\t\t\t\t<\/div>\n\t\t\t\t\t<\/div>\n\t\t<\/div>\n\t\t\t\t<div class=\"elementor-column elementor-col-50 elementor-top-column elementor-element elementor-element-e8a70bf\" data-id=\"e8a70bf\" data-element_type=\"column\" data-settings=\"{&quot;background_background&quot;:&quot;classic&quot;}\">\n\t\t\t<div class=\"elementor-widget-wrap elementor-element-populated\">\n\t\t\t\t\t\t<div class=\"elementor-element elementor-element-b926161 elementor-widget elementor-widget-image\" data-id=\"b926161\" data-element_type=\"widget\" data-widget_type=\"image.default\">\n\t\t\t\t<div class=\"elementor-widget-container\">\n\t\t\t\t\t\t\t\t\t\t\t\t\t\t\t<img fetchpriority=\"high\" decoding=\"async\" width=\"300\" height=\"300\" src=\"https:\/\/kooldesign.breezemedia.pl\/wp-content\/uploads\/2023\/09\/FB_IMG_1683871210311-300x300.jpg\" class=\"attachment-medium size-medium wp-image-301\" alt=\"\" srcset=\"https:\/\/kooldesign.breezemedia.pl\/wp-content\/uploads\/2023\/09\/FB_IMG_1683871210311-300x300.jpg 300w, https:\/\/kooldesign.breezemedia.pl\/wp-content\/uploads\/2023\/09\/FB_IMG_1683871210311-150x150.jpg 150w, https:\/\/kooldesign.breezemedia.pl\/wp-content\/uploads\/2023\/09\/FB_IMG_1683871210311-768x768.jpg 768w, https:\/\/kooldesign.breezemedia.pl\/wp-content\/uploads\/2023\/09\/FB_IMG_1683871210311.jpg 932w\" sizes=\"(max-width: 300px) 100vw, 300px\" \/>\t\t\t\t\t\t\t\t\t\t\t\t\t\t\t<\/div>\n\t\t\t\t<\/div>\n\t\t\t\t\t<\/div>\n\t\t<\/div>\n\t\t\t\t\t<\/div>\n\t\t<\/section>\n\t\t\t\t<\/div>\n\t\t","protected":false},"excerpt":{"rendered":"<p>O mnie Jestem absolwentk\u0105 architektury wn\u0119trz na Politechnice Wroc\u0142awskiej. Projektowanie zawsze by\u0142o moj\u0105 pasj\u0105, jednak dopiero niedawno odwa\u017cy\u0142am si\u0119 zmieni\u0107 swoje \u017cycie i p\u00f3j\u015b\u0107 za g\u0142osem serca. Do ka\u017cdego projektu podchodz\u0119 indywidualnie, zapewniam kompleksow\u0105 obs\u0142ug\u0119 przez ca\u0142y czas trwania umowy. Zaufaj mojemu do\u015bwiadczeni i kreatywno\u015bci, a razem stworzymy Twoje idealne wn\u0119trze! KONTAKT<\/p>\n","protected":false},"author":1,"featured_media":0,"parent":0,"menu_order":0,"comment_status":"closed","ping_status":"closed","template":"elementor_header_footer","meta":{"footnotes":""},"class_list":["post-13","page","type-page","status-publish","hentry"],"yoast_head":"<!-- This site is optimized with the Yoast SEO plugin v26.8 - https:\/\/yoast.com\/product\/yoast-seo-wordpress\/ -->\n<title>O mnie - KOOL DESIGN<\/title>\n<meta name=\"robots\" content=\"noindex, follow, max-snippet:-1, max-image-preview:large, max-video-preview:-1\" \/>\n<meta property=\"og:locale\" content=\"pl_PL\" \/>\n<meta property=\"og:type\" content=\"article\" \/>\n<meta property=\"og:title\" content=\"O mnie - KOOL DESIGN\" \/>\n<meta property=\"og:description\" content=\"O mnie Jestem absolwentk\u0105 architektury wn\u0119trz na Politechnice Wroc\u0142awskiej. Projektowanie zawsze by\u0142o moj\u0105 pasj\u0105, jednak dopiero niedawno odwa\u017cy\u0142am si\u0119 zmieni\u0107 swoje \u017cycie i p\u00f3j\u015b\u0107 za g\u0142osem serca. Do ka\u017cdego projektu podchodz\u0119 indywidualnie, zapewniam kompleksow\u0105 obs\u0142ug\u0119 przez ca\u0142y czas trwania umowy. Zaufaj mojemu do\u015bwiadczeni i kreatywno\u015bci, a razem stworzymy Twoje idealne wn\u0119trze! KONTAKT\" \/>\n<meta property=\"og:url\" content=\"https:\/\/kooldesign.breezemedia.pl\/?page_id=13\" \/>\n<meta property=\"og:site_name\" content=\"KOOL DESIGN\" \/>\n<meta property=\"article:publisher\" content=\"https:\/\/www.facebook.com\/kooldesignpl\" \/>\n<meta property=\"article:modified_time\" content=\"2023-09-12T10:20:37+00:00\" \/>\n<meta property=\"og:image\" content=\"https:\/\/kooldesign.breezemedia.pl\/wp-content\/uploads\/2023\/09\/FB_IMG_1683871210311-300x300.jpg\" \/>\n<meta name=\"twitter:card\" content=\"summary_large_image\" \/>\n<script type=\"application\/ld+json\" class=\"yoast-schema-graph\">{\"@context\":\"https:\/\/schema.org\",\"@graph\":[{\"@type\":\"WebPage\",\"@id\":\"https:\/\/kooldesign.breezemedia.pl\/?page_id=13\",\"url\":\"https:\/\/kooldesign.breezemedia.pl\/?page_id=13\",\"name\":\"O mnie - KOOL DESIGN\",\"isPartOf\":{\"@id\":\"https:\/\/kooldesign.breezemedia.pl\/#website\"},\"primaryImageOfPage\":{\"@id\":\"https:\/\/kooldesign.breezemedia.pl\/?page_id=13#primaryimage\"},\"image\":{\"@id\":\"https:\/\/kooldesign.breezemedia.pl\/?page_id=13#primaryimage\"},\"thumbnailUrl\":\"https:\/\/kooldesign.breezemedia.pl\/wp-content\/uploads\/2023\/09\/FB_IMG_1683871210311-300x300.jpg\",\"datePublished\":\"2023-09-06T15:27:10+00:00\",\"dateModified\":\"2023-09-12T10:20:37+00:00\",\"breadcrumb\":{\"@id\":\"https:\/\/kooldesign.breezemedia.pl\/?page_id=13#breadcrumb\"},\"inLanguage\":\"pl-PL\",\"potentialAction\":[{\"@type\":\"ReadAction\",\"target\":[\"https:\/\/kooldesign.breezemedia.pl\/?page_id=13\"]}]},{\"@type\":\"ImageObject\",\"inLanguage\":\"pl-PL\",\"@id\":\"https:\/\/kooldesign.breezemedia.pl\/?page_id=13#primaryimage\",\"url\":\"https:\/\/kooldesign.breezemedia.pl\/wp-content\/uploads\/2023\/09\/FB_IMG_1683871210311.jpg\",\"contentUrl\":\"https:\/\/kooldesign.breezemedia.pl\/wp-content\/uploads\/2023\/09\/FB_IMG_1683871210311.jpg\",\"width\":932,\"height\":932},{\"@type\":\"BreadcrumbList\",\"@id\":\"https:\/\/kooldesign.breezemedia.pl\/?page_id=13#breadcrumb\",\"itemListElement\":[{\"@type\":\"ListItem\",\"position\":1,\"name\":\"Strona g\u0142\u00f3wna\",\"item\":\"https:\/\/kooldesign.breezemedia.pl\/\"},{\"@type\":\"ListItem\",\"position\":2,\"name\":\"O mnie\"}]},{\"@type\":\"WebSite\",\"@id\":\"https:\/\/kooldesign.breezemedia.pl\/#website\",\"url\":\"https:\/\/kooldesign.breezemedia.pl\/\",\"name\":\"KOOL DESIGN\",\"description\":\"Projektowanie i aran\u017cacja wn\u0119trz Wroc\u0142aw\",\"publisher\":{\"@id\":\"https:\/\/kooldesign.breezemedia.pl\/#organization\"},\"potentialAction\":[{\"@type\":\"SearchAction\",\"target\":{\"@type\":\"EntryPoint\",\"urlTemplate\":\"https:\/\/kooldesign.breezemedia.pl\/?s={search_term_string}\"},\"query-input\":{\"@type\":\"PropertyValueSpecification\",\"valueRequired\":true,\"valueName\":\"search_term_string\"}}],\"inLanguage\":\"pl-PL\"},{\"@type\":\"Organization\",\"@id\":\"https:\/\/kooldesign.breezemedia.pl\/#organization\",\"name\":\"Projektowanie i aran\u017cacja wn\u0119trz Wroc\u0142aw\",\"url\":\"https:\/\/kooldesign.breezemedia.pl\/\",\"logo\":{\"@type\":\"ImageObject\",\"inLanguage\":\"pl-PL\",\"@id\":\"https:\/\/kooldesign.breezemedia.pl\/#\/schema\/logo\/image\/\",\"url\":\"https:\/\/kooldesign.breezemedia.pl\/wp-content\/uploads\/2023\/09\/KOOL-Design-svg.svg\",\"contentUrl\":\"https:\/\/kooldesign.breezemedia.pl\/wp-content\/uploads\/2023\/09\/KOOL-Design-svg.svg\",\"width\":400,\"height\":330,\"caption\":\"Projektowanie i aran\u017cacja wn\u0119trz Wroc\u0142aw\"},\"image\":{\"@id\":\"https:\/\/kooldesign.breezemedia.pl\/#\/schema\/logo\/image\/\"},\"sameAs\":[\"https:\/\/www.facebook.com\/kooldesignpl\",\"https:\/\/www.instagram.com\/kool__design\"]}]}<\/script>\n<!-- \/ Yoast SEO plugin. -->","yoast_head_json":{"title":"O mnie - KOOL DESIGN","robots":{"index":"noindex","follow":"follow","max-snippet":"max-snippet:-1","max-image-preview":"max-image-preview:large","max-video-preview":"max-video-preview:-1"},"og_locale":"pl_PL","og_type":"article","og_title":"O mnie - KOOL DESIGN","og_description":"O mnie Jestem absolwentk\u0105 architektury wn\u0119trz na Politechnice Wroc\u0142awskiej. Projektowanie zawsze by\u0142o moj\u0105 pasj\u0105, jednak dopiero niedawno odwa\u017cy\u0142am si\u0119 zmieni\u0107 swoje \u017cycie i p\u00f3j\u015b\u0107 za g\u0142osem serca. Do ka\u017cdego projektu podchodz\u0119 indywidualnie, zapewniam kompleksow\u0105 obs\u0142ug\u0119 przez ca\u0142y czas trwania umowy. Zaufaj mojemu do\u015bwiadczeni i kreatywno\u015bci, a razem stworzymy Twoje idealne wn\u0119trze! KONTAKT","og_url":"https:\/\/kooldesign.breezemedia.pl\/?page_id=13","og_site_name":"KOOL DESIGN","article_publisher":"https:\/\/www.facebook.com\/kooldesignpl","article_modified_time":"2023-09-12T10:20:37+00:00","og_image":[{"url":"https:\/\/kooldesign.breezemedia.pl\/wp-content\/uploads\/2023\/09\/FB_IMG_1683871210311-300x300.jpg","type":"","width":"","height":""}],"twitter_card":"summary_large_image","schema":{"@context":"https:\/\/schema.org","@graph":[{"@type":"WebPage","@id":"https:\/\/kooldesign.breezemedia.pl\/?page_id=13","url":"https:\/\/kooldesign.breezemedia.pl\/?page_id=13","name":"O mnie - KOOL DESIGN","isPartOf":{"@id":"https:\/\/kooldesign.breezemedia.pl\/#website"},"primaryImageOfPage":{"@id":"https:\/\/kooldesign.breezemedia.pl\/?page_id=13#primaryimage"},"image":{"@id":"https:\/\/kooldesign.breezemedia.pl\/?page_id=13#primaryimage"},"thumbnailUrl":"https:\/\/kooldesign.breezemedia.pl\/wp-content\/uploads\/2023\/09\/FB_IMG_1683871210311-300x300.jpg","datePublished":"2023-09-06T15:27:10+00:00","dateModified":"2023-09-12T10:20:37+00:00","breadcrumb":{"@id":"https:\/\/kooldesign.breezemedia.pl\/?page_id=13#breadcrumb"},"inLanguage":"pl-PL","potentialAction":[{"@type":"ReadAction","target":["https:\/\/kooldesign.breezemedia.pl\/?page_id=13"]}]},{"@type":"ImageObject","inLanguage":"pl-PL","@id":"https:\/\/kooldesign.breezemedia.pl\/?page_id=13#primaryimage","url":"https:\/\/kooldesign.breezemedia.pl\/wp-content\/uploads\/2023\/09\/FB_IMG_1683871210311.jpg","contentUrl":"https:\/\/kooldesign.breezemedia.pl\/wp-content\/uploads\/2023\/09\/FB_IMG_1683871210311.jpg","width":932,"height":932},{"@type":"BreadcrumbList","@id":"https:\/\/kooldesign.breezemedia.pl\/?page_id=13#breadcrumb","itemListElement":[{"@type":"ListItem","position":1,"name":"Strona g\u0142\u00f3wna","item":"https:\/\/kooldesign.breezemedia.pl\/"},{"@type":"ListItem","position":2,"name":"O mnie"}]},{"@type":"WebSite","@id":"https:\/\/kooldesign.breezemedia.pl\/#website","url":"https:\/\/kooldesign.breezemedia.pl\/","name":"KOOL DESIGN","description":"Projektowanie i aran\u017cacja wn\u0119trz Wroc\u0142aw","publisher":{"@id":"https:\/\/kooldesign.breezemedia.pl\/#organization"},"potentialAction":[{"@type":"SearchAction","target":{"@type":"EntryPoint","urlTemplate":"https:\/\/kooldesign.breezemedia.pl\/?s={search_term_string}"},"query-input":{"@type":"PropertyValueSpecification","valueRequired":true,"valueName":"search_term_string"}}],"inLanguage":"pl-PL"},{"@type":"Organization","@id":"https:\/\/kooldesign.breezemedia.pl\/#organization","name":"Projektowanie i aran\u017cacja wn\u0119trz Wroc\u0142aw","url":"https:\/\/kooldesign.breezemedia.pl\/","logo":{"@type":"ImageObject","inLanguage":"pl-PL","@id":"https:\/\/kooldesign.breezemedia.pl\/#\/schema\/logo\/image\/","url":"https:\/\/kooldesign.breezemedia.pl\/wp-content\/uploads\/2023\/09\/KOOL-Design-svg.svg","contentUrl":"https:\/\/kooldesign.breezemedia.pl\/wp-content\/uploads\/2023\/09\/KOOL-Design-svg.svg","width":400,"height":330,"caption":"Projektowanie i aran\u017cacja wn\u0119trz Wroc\u0142aw"},"image":{"@id":"https:\/\/kooldesign.breezemedia.pl\/#\/schema\/logo\/image\/"},"sameAs":["https:\/\/www.facebook.com\/kooldesignpl","https:\/\/www.instagram.com\/kool__design"]}]}},"_links":{"self":[{"href":"https:\/\/kooldesign.breezemedia.pl\/index.php?rest_route=\/wp\/v2\/pages\/13","targetHints":{"allow":["GET"]}}],"collection":[{"href":"https:\/\/kooldesign.breezemedia.pl\/index.php?rest_route=\/wp\/v2\/pages"}],"about":[{"href":"https:\/\/kooldesign.breezemedia.pl\/index.php?rest_route=\/wp\/v2\/types\/page"}],"author":[{"embeddable":true,"href":"https:\/\/kooldesign.breezemedia.pl\/index.php?rest_route=\/wp\/v2\/users\/1"}],"replies":[{"embeddable":true,"href":"https:\/\/kooldesign.breezemedia.pl\/index.php?rest_route=%2Fwp%2Fv2%2Fcomments&post=13"}],"version-history":[{"count":37,"href":"https:\/\/kooldesign.breezemedia.pl\/index.php?rest_route=\/wp\/v2\/pages\/13\/revisions"}],"predecessor-version":[{"id":760,"href":"https:\/\/kooldesign.breezemedia.pl\/index.php?rest_route=\/wp\/v2\/pages\/13\/revisions\/760"}],"wp:attachment":[{"href":"https:\/\/kooldesign.breezemedia.pl\/index.php?rest_route=%2Fwp%2Fv2%2Fmedia&parent=13"}],"curies":[{"name":"wp","href":"https:\/\/api.w.org\/{rel}","templated":true}]}}